{"id":7069,"date":"2023-09-11T17:55:11","date_gmt":"2023-09-11T21:55:11","guid":{"rendered":"https:\/\/www.criaq.aero\/?post_type=appel&#038;p=7069"},"modified":"2024-09-04T10:56:13","modified_gmt":"2024-09-04T14:56:13","slug":"maturing-innovation-quebec","status":"publish","type":"appel","link":"https:\/\/www.criaq.aero\/en\/appel\/maturing-innovation-quebec\/","title":{"rendered":"Maturing-Innovation Qu\u00e9bec"},"content":{"rendered":"\r\n<p><span style=\"font-weight: 400;\">This call for projects is aimed at industrialists, especially Quebec SMEs, wishing to validate the potential of a new technology, its maturation or demonstration in an industrial environment for aerospace applications, as described in the Maturation-Innovation program.<\/span><\/p>\r\n\r\n\r\n\r\n<h2 class=\"wp-block-heading\"><strong>Eligibility<\/strong><\/h2>\r\n\r\n\r\n\r\n<p><span data-contrast=\"auto\">The collaborative research partnership must include at least:\u00a0<\/span><span data-ccp-props=\"{&quot;134233117&quot;:true,&quot;134233118&quot;:true,&quot;201341983&quot;:0,&quot;335559739&quot;:0,&quot;335559740&quot;:240}\">\u00a0<\/span><\/p>\r\n<ul>\r\n<li data-leveltext=\"\uf0b7\" data-font=\"Symbol\" data-listid=\"28\" data-list-defn-props=\"{&quot;335552541&quot;:1,&quot;335559684&quot;:-2,&quot;335559685&quot;:720,&quot;335559991&quot;:360,&quot;469769226&quot;:&quot;Symbol&quot;,&quot;469769242&quot;:[8226],&quot;469777803&quot;:&quot;left&quot;,&quot;469777804&quot;:&quot;\uf0b7&quot;,&quot;469777815&quot;:&quot;hybridMultilevel&quot;}\" aria-setsize=\"-1\" data-aria-posinset=\"1\" data-aria-level=\"1\"><span data-contrast=\"auto\">Two Quebec companies, with at least 1 SME as the project leader.\u00a0<\/span><span data-ccp-props=\"{&quot;134233117&quot;:true,&quot;134233118&quot;:true,&quot;201341983&quot;:0,&quot;335559739&quot;:0,&quot;335559740&quot;:240}\">\u00a0<\/span><\/li>\r\n<li data-leveltext=\"\uf0b7\" data-font=\"Symbol\" data-listid=\"28\" data-list-defn-props=\"{&quot;335552541&quot;:1,&quot;335559684&quot;:-2,&quot;335559685&quot;:720,&quot;335559991&quot;:360,&quot;469769226&quot;:&quot;Symbol&quot;,&quot;469769242&quot;:[8226],&quot;469777803&quot;:&quot;left&quot;,&quot;469777804&quot;:&quot;\uf0b7&quot;,&quot;469777815&quot;:&quot;hybridMultilevel&quot;}\" aria-setsize=\"-1\" data-aria-posinset=\"2\" data-aria-level=\"1\"><span data-contrast=\"auto\">Academic partners are eligible for this program.\u00a0<\/span><span data-ccp-props=\"{&quot;134233117&quot;:true,&quot;134233118&quot;:true,&quot;201341983&quot;:0,&quot;335559739&quot;:0,&quot;335559740&quot;:240}\">\u00a0<\/span><\/li>\r\n<li data-leveltext=\"\uf0b7\" data-font=\"Symbol\" data-listid=\"28\" data-list-defn-props=\"{&quot;335552541&quot;:1,&quot;335559684&quot;:-2,&quot;335559685&quot;:720,&quot;335559991&quot;:360,&quot;469769226&quot;:&quot;Symbol&quot;,&quot;469769242&quot;:[8226],&quot;469777803&quot;:&quot;left&quot;,&quot;469777804&quot;:&quot;\uf0b7&quot;,&quot;469777815&quot;:&quot;hybridMultilevel&quot;}\" aria-setsize=\"-1\" data-aria-posinset=\"3\" data-aria-level=\"1\"><span data-contrast=\"auto\">The project must last at least 12 months.\u00a0<\/span><span data-ccp-props=\"{&quot;134233117&quot;:true,&quot;134233118&quot;:true,&quot;201341983&quot;:0,&quot;335559739&quot;:0,&quot;335559740&quot;:240}\">\u00a0<\/span><\/li>\r\n<\/ul>\r\n<!-- \/wp:post-content -->\r\n\r\n<!-- wp:heading -->\r\n<h2 class=\"wp-block-heading\"><strong>Financing<\/strong><\/h2>\r\n<ul>\r\n<li><span data-ccp-parastyle=\"paragraph\" data-ccp-parastyle-defn=\"{&quot;ObjectId&quot;:&quot;a905f147-96ca-47f7-94e3-ae51bccabf02|8&quot;,&quot;ClassId&quot;:1073872969,&quot;Properties&quot;:[469775450,&quot;paragraph&quot;,201340122,&quot;2&quot;,134233614,&quot;true&quot;,469778129,&quot;paragraph&quot;,335572020,&quot;1&quot;,469777841,&quot;Times New Roman&quot;,469777842,&quot;Times New Roman&quot;,469777843,&quot;Times New Roman&quot;,469777844,&quot;Times New Roman&quot;,469769226,&quot;Times New Roman&quot;,268442635,&quot;24&quot;,335559705,&quot;3084&quot;,335559740,&quot;240&quot;,201341983,&quot;0&quot;,134233118,&quot;true&quot;,134233117,&quot;true&quot;,469778324,&quot;Normal&quot;]}\">Financial <\/span><span data-ccp-parastyle=\"paragraph\">assistance<\/span><span data-ccp-parastyle=\"paragraph\"> can cover up to 50% of eligible project <\/span><span data-ccp-parastyle=\"paragraph\">expenses;<\/span><span style=\"font-size: 16px;\" data-ccp-props=\"{&quot;134233117&quot;:true,&quot;134233118&quot;:true,&quot;201341983&quot;:0,&quot;335559739&quot;:0,&quot;335559740&quot;:240}\">\u00a0<\/span><\/li>\r\n<li><span data-contrast=\"auto\"><span data-ccp-parastyle=\"paragraph\">Financial <\/span><span data-ccp-parastyle=\"paragraph\">assistance<\/span><span data-ccp-parastyle=\"paragraph\"> can reach a maximum of $150,000 per company involved, up to a maximum of $500,000 per <\/span><span data-ccp-parastyle=\"paragraph\">project;<\/span><\/span><span data-ccp-props=\"{&quot;134233117&quot;:true,&quot;134233118&quot;:true,&quot;201341983&quot;:0,&quot;335559739&quot;:0,&quot;335559740&quot;:240}\">\u00a0<\/span><\/li>\r\n<li><span data-contrast=\"auto\"><span data-ccp-parastyle=\"paragraph\">Cumulative public funding can reach 75% of the total monetary value of the project.<\/span><\/span><span data-ccp-props=\"{&quot;134233117&quot;:false,&quot;134233118&quot;:false,&quot;201341983&quot;:0,&quot;335559738&quot;:0,&quot;335559739&quot;:0,&quot;335559740&quot;:240}\">\u00a0<\/span><\/li>\r\n<\/ul>\r\n<p><span style=\"font-weight: 400;\">Project funding comes entirely from the Innovation Program (IP) of <\/span><b>Quebec&#8217;s Minist\u00e8re de l&#8217;\u00c9conomie, de l&#8217;Innovation et de l&#8217;\u00c9nergie <\/b><span style=\"font-weight: 400;\">(MEIE), and is managed by Investissement Qu\u00e9bec (IQ). CRIAQ acts as the sponsoring organization for the project team. CRIAQ&#8217;s project portfolio team will help you prepare your budget, using proven tools to pre-qualify and obtain financing. <\/span><\/p>\r\n<ul>\r\n<li style=\"list-style-type: none;\">\u00a0<\/li>\r\n<\/ul>\r\n<!-- \/wp:heading -->","protected":false},"excerpt":{"rendered":"<p>This call for projects is aimed at industrialists, especially Quebec SMEs, wishing to validate the potential of a new technology, its maturation or demonstration in an industrial environment for aerospace applications, as described in the Maturation-Innovation program. Eligibility The collaborative research partnership must include at least:\u00a0\u00a0 Two Quebec companies, with at least 1 SME as&#8230;<\/p>\n","protected":false},"featured_media":6437,"template":"","type-dappel":[91],"programme":[84],"class_list":["post-7069","appel","type-appel","status-publish","has-post-thumbnail","hentry","type-dappel-call-for-projects","programme-maturing-innovation"],"acf":[],"yoast_head":"<!-- This site is optimized with the Yoast SEO plugin v27.5 - https:\/\/yoast.com\/product\/yoast-seo-wordpress\/ -->\n<title>Maturing-Innovation Qu\u00e9bec - CRIAQ<\/title>\n<meta name=\"robots\" content=\"index, follow, max-snippet:-1, max-image-preview:large, max-video-preview:-1\" \/>\n<link rel=\"canonical\" href=\"https:\/\/www.criaq.aero\/en\/appel\/maturing-innovation-quebec\/\" \/>\n<meta property=\"og:locale\" content=\"en_US\" \/>\n<meta property=\"og:type\" content=\"article\" \/>\n<meta property=\"og:title\" content=\"Maturing-Innovation Qu\u00e9bec - CRIAQ\" \/>\n<meta property=\"og:description\" content=\"This call for projects is aimed at industrialists, especially Quebec SMEs, wishing to validate the potential of a new technology, its maturation or demonstration in an industrial environment for aerospace applications, as described in the Maturation-Innovation program. Eligibility The collaborative research partnership must include at least:\u00a0\u00a0 Two Quebec companies, with at least 1 SME as...\" \/>\n<meta property=\"og:url\" content=\"https:\/\/www.criaq.aero\/en\/appel\/maturing-innovation-quebec\/\" \/>\n<meta property=\"og:site_name\" content=\"CRIAQ\" \/>\n<meta property=\"article:modified_time\" content=\"2024-09-04T14:56:13+00:00\" \/>\n<meta property=\"og:image\" content=\"https:\/\/www.criaq.aero\/wp-content\/uploads\/2023\/09\/assemblage_conduite_autonome\u00a9Pascal-Ratthe-scaled.jpg\" \/>\n\t<meta property=\"og:image:width\" content=\"2560\" \/>\n\t<meta property=\"og:image:height\" content=\"1707\" \/>\n\t<meta property=\"og:image:type\" content=\"image\/jpeg\" \/>\n<meta name=\"twitter:card\" content=\"summary_large_image\" \/>\n<meta name=\"twitter:label1\" content=\"Est. reading time\" \/>\n\t<meta name=\"twitter:data1\" content=\"2 minutes\" \/>\n<script type=\"application\/ld+json\" class=\"yoast-schema-graph\">{\"@context\":\"https:\\\/\\\/schema.org\",\"@graph\":[{\"@type\":\"WebPage\",\"@id\":\"https:\\\/\\\/www.criaq.aero\\\/en\\\/appel\\\/maturing-innovation-quebec\\\/\",\"url\":\"https:\\\/\\\/www.criaq.aero\\\/en\\\/appel\\\/maturing-innovation-quebec\\\/\",\"name\":\"Maturing-Innovation Qu\u00e9bec - CRIAQ\",\"isPartOf\":{\"@id\":\"https:\\\/\\\/www.criaq.aero\\\/en\\\/#website\"},\"primaryImageOfPage\":{\"@id\":\"https:\\\/\\\/www.criaq.aero\\\/en\\\/appel\\\/maturing-innovation-quebec\\\/#primaryimage\"},\"image\":{\"@id\":\"https:\\\/\\\/www.criaq.aero\\\/en\\\/appel\\\/maturing-innovation-quebec\\\/#primaryimage\"},\"thumbnailUrl\":\"https:\\\/\\\/www.criaq.aero\\\/wp-content\\\/uploads\\\/2023\\\/09\\\/assemblage_conduite_autonome\u00a9Pascal-Ratthe-scaled.jpg\",\"datePublished\":\"2023-09-11T21:55:11+00:00\",\"dateModified\":\"2024-09-04T14:56:13+00:00\",\"breadcrumb\":{\"@id\":\"https:\\\/\\\/www.criaq.aero\\\/en\\\/appel\\\/maturing-innovation-quebec\\\/#breadcrumb\"},\"inLanguage\":\"en-US\",\"potentialAction\":[{\"@type\":\"ReadAction\",\"target\":[\"https:\\\/\\\/www.criaq.aero\\\/en\\\/appel\\\/maturing-innovation-quebec\\\/\"]}]},{\"@type\":\"ImageObject\",\"inLanguage\":\"en-US\",\"@id\":\"https:\\\/\\\/www.criaq.aero\\\/en\\\/appel\\\/maturing-innovation-quebec\\\/#primaryimage\",\"url\":\"https:\\\/\\\/www.criaq.aero\\\/wp-content\\\/uploads\\\/2023\\\/09\\\/assemblage_conduite_autonome\u00a9Pascal-Ratthe-scaled.jpg\",\"contentUrl\":\"https:\\\/\\\/www.criaq.aero\\\/wp-content\\\/uploads\\\/2023\\\/09\\\/assemblage_conduite_autonome\u00a9Pascal-Ratthe-scaled.jpg\",\"width\":2560,\"height\":1707,\"caption\":\"PHOTO Pascal Ratthe, Collaboration Sp\u00e9ciale - Quebec, Quebec Pierre Langlois, president Fondaction et Econoler, la SOFIAC finance des projets de reduction de la consommation d\u2019energie et des emissions de gaz a effet de serre dans les entreprises. Journaliste - Didier Bert - \\\/ Monday\\\/ 06\\\/ March\\\/ 2023 - # P-POR-2023-01-26-33159\"},{\"@type\":\"BreadcrumbList\",\"@id\":\"https:\\\/\\\/www.criaq.aero\\\/en\\\/appel\\\/maturing-innovation-quebec\\\/#breadcrumb\",\"itemListElement\":[{\"@type\":\"ListItem\",\"position\":1,\"name\":\"Accueil\",\"item\":\"https:\\\/\\\/www.criaq.aero\\\/en\\\/\"},{\"@type\":\"ListItem\",\"position\":2,\"name\":\"Maturing-Innovation Qu\u00e9bec\"}]},{\"@type\":\"WebSite\",\"@id\":\"https:\\\/\\\/www.criaq.aero\\\/en\\\/#website\",\"url\":\"https:\\\/\\\/www.criaq.aero\\\/en\\\/\",\"name\":\"CRIAQ\",\"description\":\"Consortium de recherche et d&#039;innovation en a\u00e9rospatiale au Qu\u00e9bec\",\"potentialAction\":[{\"@type\":\"SearchAction\",\"target\":{\"@type\":\"EntryPoint\",\"urlTemplate\":\"https:\\\/\\\/www.criaq.aero\\\/en\\\/?s={search_term_string}\"},\"query-input\":{\"@type\":\"PropertyValueSpecification\",\"valueRequired\":true,\"valueName\":\"search_term_string\"}}],\"inLanguage\":\"en-US\"}]}<\/script>\n<!-- \/ Yoast SEO plugin. -->","yoast_head_json":{"title":"Maturing-Innovation Qu\u00e9bec - CRIAQ","robots":{"index":"index","follow":"follow","max-snippet":"max-snippet:-1","max-image-preview":"max-image-preview:large","max-video-preview":"max-video-preview:-1"},"canonical":"https:\/\/www.criaq.aero\/en\/appel\/maturing-innovation-quebec\/","og_locale":"en_US","og_type":"article","og_title":"Maturing-Innovation Qu\u00e9bec - CRIAQ","og_description":"This call for projects is aimed at industrialists, especially Quebec SMEs, wishing to validate the potential of a new technology, its maturation or demonstration in an industrial environment for aerospace applications, as described in the Maturation-Innovation program. Eligibility The collaborative research partnership must include at least:\u00a0\u00a0 Two Quebec companies, with at least 1 SME as...","og_url":"https:\/\/www.criaq.aero\/en\/appel\/maturing-innovation-quebec\/","og_site_name":"CRIAQ","article_modified_time":"2024-09-04T14:56:13+00:00","og_image":[{"width":2560,"height":1707,"url":"https:\/\/www.criaq.aero\/wp-content\/uploads\/2023\/09\/assemblage_conduite_autonome\u00a9Pascal-Ratthe-scaled.jpg","type":"image\/jpeg"}],"twitter_card":"summary_large_image","twitter_misc":{"Est. reading time":"2 minutes"},"schema":{"@context":"https:\/\/schema.org","@graph":[{"@type":"WebPage","@id":"https:\/\/www.criaq.aero\/en\/appel\/maturing-innovation-quebec\/","url":"https:\/\/www.criaq.aero\/en\/appel\/maturing-innovation-quebec\/","name":"Maturing-Innovation Qu\u00e9bec - CRIAQ","isPartOf":{"@id":"https:\/\/www.criaq.aero\/en\/#website"},"primaryImageOfPage":{"@id":"https:\/\/www.criaq.aero\/en\/appel\/maturing-innovation-quebec\/#primaryimage"},"image":{"@id":"https:\/\/www.criaq.aero\/en\/appel\/maturing-innovation-quebec\/#primaryimage"},"thumbnailUrl":"https:\/\/www.criaq.aero\/wp-content\/uploads\/2023\/09\/assemblage_conduite_autonome\u00a9Pascal-Ratthe-scaled.jpg","datePublished":"2023-09-11T21:55:11+00:00","dateModified":"2024-09-04T14:56:13+00:00","breadcrumb":{"@id":"https:\/\/www.criaq.aero\/en\/appel\/maturing-innovation-quebec\/#breadcrumb"},"inLanguage":"en-US","potentialAction":[{"@type":"ReadAction","target":["https:\/\/www.criaq.aero\/en\/appel\/maturing-innovation-quebec\/"]}]},{"@type":"ImageObject","inLanguage":"en-US","@id":"https:\/\/www.criaq.aero\/en\/appel\/maturing-innovation-quebec\/#primaryimage","url":"https:\/\/www.criaq.aero\/wp-content\/uploads\/2023\/09\/assemblage_conduite_autonome\u00a9Pascal-Ratthe-scaled.jpg","contentUrl":"https:\/\/www.criaq.aero\/wp-content\/uploads\/2023\/09\/assemblage_conduite_autonome\u00a9Pascal-Ratthe-scaled.jpg","width":2560,"height":1707,"caption":"PHOTO Pascal Ratthe, Collaboration Sp\u00e9ciale - Quebec, Quebec Pierre Langlois, president Fondaction et Econoler, la SOFIAC finance des projets de reduction de la consommation d\u2019energie et des emissions de gaz a effet de serre dans les entreprises. Journaliste - Didier Bert - \/ Monday\/ 06\/ March\/ 2023 - # P-POR-2023-01-26-33159"},{"@type":"BreadcrumbList","@id":"https:\/\/www.criaq.aero\/en\/appel\/maturing-innovation-quebec\/#breadcrumb","itemListElement":[{"@type":"ListItem","position":1,"name":"Accueil","item":"https:\/\/www.criaq.aero\/en\/"},{"@type":"ListItem","position":2,"name":"Maturing-Innovation Qu\u00e9bec"}]},{"@type":"WebSite","@id":"https:\/\/www.criaq.aero\/en\/#website","url":"https:\/\/www.criaq.aero\/en\/","name":"CRIAQ","description":"Consortium de recherche et d&#039;innovation en a\u00e9rospatiale au Qu\u00e9bec","potentialAction":[{"@type":"SearchAction","target":{"@type":"EntryPoint","urlTemplate":"https:\/\/www.criaq.aero\/en\/?s={search_term_string}"},"query-input":{"@type":"PropertyValueSpecification","valueRequired":true,"valueName":"search_term_string"}}],"inLanguage":"en-US"}]}},"_links":{"self":[{"href":"https:\/\/www.criaq.aero\/en\/wp-json\/wp\/v2\/appel\/7069","targetHints":{"allow":["GET"]}}],"collection":[{"href":"https:\/\/www.criaq.aero\/en\/wp-json\/wp\/v2\/appel"}],"about":[{"href":"https:\/\/www.criaq.aero\/en\/wp-json\/wp\/v2\/types\/appel"}],"wp:featuredmedia":[{"embeddable":true,"href":"https:\/\/www.criaq.aero\/en\/wp-json\/wp\/v2\/media\/6437"}],"wp:attachment":[{"href":"https:\/\/www.criaq.aero\/en\/wp-json\/wp\/v2\/media?parent=7069"}],"wp:term":[{"taxonomy":"type-dappel","embeddable":true,"href":"https:\/\/www.criaq.aero\/en\/wp-json\/wp\/v2\/type-dappel?post=7069"},{"taxonomy":"programme","embeddable":true,"href":"https:\/\/www.criaq.aero\/en\/wp-json\/wp\/v2\/programme?post=7069"}],"curies":[{"name":"wp","href":"https:\/\/api.w.org\/{rel}","templated":true}]}}